{"id":9967,"date":"2022-12-24T16:50:00","date_gmt":"2022-12-24T14:50:00","guid":{"rendered":"https:\/\/ontroerendgoed.kasteelamerongen.nl\/verhalen\/?post_type=bewoners&#038;p=9967"},"modified":"2025-12-27T15:19:27","modified_gmt":"2025-12-27T13:19:27","slug":"vieren-of-niet-vieren-dat-is-de-vraag","status":"publish","type":"bewoners","link":"https:\/\/ontroerendgoed.kasteelamerongen.nl\/verhalen\/bewoners\/vieren-of-niet-vieren-dat-is-de-vraag\/","title":{"rendered":"Vieren of niet vieren, dat is de vraag"},"content":{"rendered":"\n<p>Margaretha benoemt Kerstmis wel, maar heeft het nooit over het vieren van Kerstmis. Kerstmis is meer een ijkpunt in de tijd voor andere gebeurtenissen: uitbetalingen of afspraken die voor Kerstmis gedaan of nagekomen zullen worden. Hetzelfde geldt overigens voor Pasen en Pinksteren.<\/p>\n\n\n\n<figure class=\"wp-block-image aligncenter size-full\"><img decoding=\"async\" src=\"https:\/\/ontroerendgoed.kasteelamerongen.nl\/verhalen\/wp-content\/uploads\/2025\/12\/Robyn-pasen.jpeg\" alt=\"In een markstandje zit een vrouw met voor zich palmpasentakken in een ton. Een man en vrouw bekijken ze en kiezen er \u00e9\u00e9n uit. Eronder de tekst: Gepalmde Paasschens Stoksieraaden, Met Vygen, Koek en Ei gelaaden, Gekroond met een gebakken Haan, Zyn Kinderen ten vreugdeteken, Dat nu de Vasten is geweken, Men 't Feest van Paasch zal vieren gaan.\" class=\"wp-image-10000031656\" srcset=\"https:\/\/ontroerendgoed.kasteelamerongen.nl\/verhalen\/wp-content\/uploads\/2025\/12\/Robyn-pasen.jpeg 1024w, https:\/\/ontroerendgoed.kasteelamerongen.nl\/verhalen\/wp-content\/uploads\/2025\/12\/Robyn-pasen-300x195.jpeg 300w, https:\/\/ontroerendgoed.kasteelamerongen.nl\/verhalen\/wp-content\/uploads\/2025\/12\/Robyn-pasen-768x500.jpeg 768w, https:\/\/ontroerendgoed.kasteelamerongen.nl\/verhalen\/wp-content\/uploads\/2025\/12\/Robyn-pasen-900x585.jpeg 900w\" sizes=\"(max-width: 1024px) 100vw, 1024px\" \/><figcaption class=\"wp-element-caption\">Pasen, A. Robyn (gravure) en weduwe Cornelis Visser (uitgever), 1715-1813. Fragment van blad met De feestgetyden, die men is gewoon te vieren. <a href=\"https:\/\/id.rijksmuseum.nl\/200101526\" target=\"_blank\" rel=\"noreferrer noopener\">Collectie Rijksmuseum<\/a>.<\/figcaption><\/figure>\n\n\n\n<h2 class=\"wp-block-heading\">Kerst, Pasen en Pinksteren<\/h2>\n\n\n\n<p>Tijdens de Synode van Dordrecht (1574) was het volgende besloten: &#8216;Aangaande de feestdagen naast de zondag is besloten dat men met de zondag alleen tevreden zal zijn. Doch men zal de gewone stof van de geboorte van Christus &#8217;s zondags voor de Kerstdag in de kerk behandelen&#8230;&#8217; Uiteraard was dit niet te handhaven en werd dit na vier jaar terug gedraaid. Het vieren van Kerst bleef iets waar door verschillende gelovigen en geloofsstromingen heel anders tegenaan gekeken werd. In de rijke Gouden Eeuw werd Kerst ook al op luxe wijze gevierd door de mensen die het zich veroorloven konden. En ook voor hen waren naastenliefde en wat we nu &#8216;de kerstgedachte&#8217; noemen belangrijk wat betreft armenzorg en bedeling.&nbsp;<\/p>\n\n\n\n<figure class=\"wp-block-image aligncenter size-full\"><img decoding=\"async\" src=\"https:\/\/ontroerendgoed.kasteelamerongen.nl\/verhalen\/wp-content\/uploads\/2025\/12\/Robyn-pinksteren.jpeg\" alt=\"Voor een groep huizen staat verschillende mensen te zingen, een vrouw gaat rond met een centenbak. Eronder de tekst: 't Is Pinkster; en die Wyven zingen, Van Maget Jans, en andre dingen! Zy lopen met Twee Kindren om, Die dus de Pinksterbloem vertoonen, In 't Wit, gesierd met Herderkroonen; Maar 't is om Duiten in de Kom.\" class=\"wp-image-10000031657\" srcset=\"https:\/\/ontroerendgoed.kasteelamerongen.nl\/verhalen\/wp-content\/uploads\/2025\/12\/Robyn-pinksteren.jpeg 1024w, https:\/\/ontroerendgoed.kasteelamerongen.nl\/verhalen\/wp-content\/uploads\/2025\/12\/Robyn-pinksteren-300x196.jpeg 300w, https:\/\/ontroerendgoed.kasteelamerongen.nl\/verhalen\/wp-content\/uploads\/2025\/12\/Robyn-pinksteren-768x501.jpeg 768w, https:\/\/ontroerendgoed.kasteelamerongen.nl\/verhalen\/wp-content\/uploads\/2025\/12\/Robyn-pinksteren-900x587.jpeg 900w\" sizes=\"(max-width: 1024px) 100vw, 1024px\" \/><figcaption class=\"wp-element-caption\">Pinksteren, A. Robyn (gravure) en weduwe Cornelis Visser (uitgever), 1715-1813. Fragment van blad met De feestgetyden, die men is gewoon te vieren. <a href=\"https:\/\/id.rijksmuseum.nl\/200101526\" target=\"_blank\" rel=\"noreferrer noopener\">Collectie Rijksmuseum<\/a>.<\/figcaption><\/figure>\n\n\n\n<p>De prenten op deze pagina komen van een blad met acht voorstellingen van de kalenderfeesten: Nieuwjaar, Driekoningen, Vastenavond, Palmpasen, Pinksteren, kermis, Sint-Maarten en Kerstmis. Onder elke voorstelling een vers in twee kolommen. Het blad is ruim gedateerd: 1715-1813. Het is een Amsterdamse uitgave, dus kan zowel protestants als katholiek zijn. De gedichtjes onder de feesten geven een idee hoe er gevierd werd. <\/p>\n\n\n\n<figure class=\"wp-block-image aligncenter size-full\"><img decoding=\"async\" src=\"https:\/\/ontroerendgoed.kasteelamerongen.nl\/verhalen\/wp-content\/uploads\/2025\/12\/Robyn-kerst.jpeg\" alt=\"Op straat staan diverse mensen rondom een ster. \u00c9\u00e9n staat duidelijk te zingen, een ander gaat rond met een centenbakje. Eronder de tekst Hier zingt men blyde Kerstfeestzangen, Doch 't is om duiten maar te erlangen; Men draait daarom de Ster alleen Hoe meer die Zangsters samenschooijen, Hoe meer zy lustig daar voor pooijen: De winst moet door het keelgat heen.\" class=\"wp-image-10000031654\" srcset=\"https:\/\/ontroerendgoed.kasteelamerongen.nl\/verhalen\/wp-content\/uploads\/2025\/12\/Robyn-kerst.jpeg 1024w, https:\/\/ontroerendgoed.kasteelamerongen.nl\/verhalen\/wp-content\/uploads\/2025\/12\/Robyn-kerst-300x201.jpeg 300w, https:\/\/ontroerendgoed.kasteelamerongen.nl\/verhalen\/wp-content\/uploads\/2025\/12\/Robyn-kerst-768x515.jpeg 768w, https:\/\/ontroerendgoed.kasteelamerongen.nl\/verhalen\/wp-content\/uploads\/2025\/12\/Robyn-kerst-900x603.jpeg 900w\" sizes=\"(max-width: 1024px) 100vw, 1024px\" \/><figcaption class=\"wp-element-caption\">Kerstfeestzang, A. Robyn (gravure) en weduwe Cornelis Visser (uitgever), 1715-1813. Fragment van blad met De feestgetyden, die men is gewoon te vieren. <a href=\"https:\/\/id.rijksmuseum.nl\/200101526\" target=\"_blank\" rel=\"noreferrer noopener\">Collectie Rijksmuseum<\/a>.<\/figcaption><\/figure>\n\n\n\n<h2 class=\"wp-block-heading\">Nieuwjaarswensen<\/h2>\n\n\n\n<p>Voor het vieren van oud en nieuw zijn er ook geen aanwijzingen, maar Margaretha wenst haar man wel altijd een gelukkig nieuwjaar. In de tabel hieronder staat hoe ze dat doet. Sommige brieven zijn dubbel gedateerd, dit heeft met de\u00a0<a href=\"https:\/\/nl.wikipedia.org\/wiki\/Gregoriaanse_kalender\">overgang van de Juliaanse naar de Gregoriaanse kalender\u00a0<\/a>te\u00a0maken. Er werden tien dagen overgeslagen en Margaretha dateert een periode dubbel, maar niet heel consequent.<\/p>\n\n\n\n<figure class=\"wp-block-table\"><table><tbody><tr><td>2 januari 1673<\/td><td>ick wensche uhEd hiermeede Een<br>geluck salich nieuwe ijaer met<br>meerder rusten minder sonde<sup class=\"modern-footnotes-footnote \" data-mfn=\"1\" data-mfn-post-scope=\"00000000000008190000000000000000_9967\"><a href=\"javascript:void(0)\"  role=\"button\" aria-pressed=\"false\" aria-describedby=\"mfn-content-00000000000008190000000000000000_9967-1\">1<\/a><\/sup><span id=\"mfn-content-00000000000008190000000000000000_9967-1\" role=\"tooltip\" class=\"modern-footnotes-footnote__note\" tabindex=\"0\" data-mfn=\"1\">zonden<\/span><br>te beleefve<\/td><\/tr><tr><td>6 januari 1680<\/td><td>waermeede naer uhEd<br>Een gelucksalich nieuijaer met veel gesont<br>heit en voorspoet te wensche<\/td><\/tr><tr><td>5 januari 1681 en 26 december 1680<\/td><td>ick sal nu neffens al onse liefve kints kindere<br>uhEd Een gelucksalich nieuwe ijaer met alle<br>soorte van geluck en heijl van ganscher har=<br>tee toe wensche,<\/td><\/tr><tr><td>31 december 1681<\/td><td>en merge in hollant nieuweijaers<br>dach inwelcke uhEd alle geluck heijt<br>voorspoet en gesontheijt in dit leefve en<br>hier naer de Euwige gelucksalicheijt<br>van ganscher harte wens<\/td><\/tr><tr><td>25\/15 december 1683<\/td><td>ick<br>wensche hier bij ock wt gront mijns harte<br>uhEd in dit aenstaende nieuw ijaer alle<br>geluck en gesontheijt en seegen niet all<br>leen dit maer noch veelle ijaere, <\/td><\/tr><\/tbody><\/table><\/figure>\n\n\n\n<h2 class=\"wp-block-heading\">Geld kado<\/h2>\n\n\n\n<p>Voor de kleinkinderen is het ook een plicht om groote papa een nieuwjaarsbrief te schrijven. Margaretha stuurt de brieven mee met haar brief. In 1681 schrijft ze zelfs dat de kinderen aan het studeren zijn om hun nieuwjaarsbrieven aan groote papa in het Frans te schrijven. Een jaar later, in 1683, is haar wel duidelijk waarom de kleinkinderen hun best doen aan hun plicht te voldoen: ze gaan ervan uit &#8216;de groote papa&#8217; weer in de beurs zal tasten&#8230; Weer een jaar later moppert Margaretha zelfs: &#8220;t is al om t hebbe te doen&#8221;. Zo zijn de kinderen tegenwoordig helemaal niet meer! Toch?<\/p>\n\n\n\n<figure class=\"wp-block-image aligncenter size-full\"><img decoding=\"async\" src=\"https:\/\/ontroerendgoed.kasteelamerongen.nl\/verhalen\/wp-content\/uploads\/2025\/12\/Robyn-nieuwjaar.jpeg\" alt=\"In een straat staan verschillende mensen. Rechts trekken twee mannen aan de bel van een huis, de \u00e9\u00e9n heeft een soort mok in de hand, de ander een brief. Op de voorgrond laat een man een vrouw een afbeelding zien. Eronder de tekst 't Is Pinkster; en die Wyven zingen, Van Maget Jans, en andre dingen! Zy lopen met Twee Kindren om, Die dus de Pinksterbloem vertoonen, In 't Wit, gesierd met Herderkroonen; Maar 't is om Duiten in de Kom.\" class=\"wp-image-10000031655\" srcset=\"https:\/\/ontroerendgoed.kasteelamerongen.nl\/verhalen\/wp-content\/uploads\/2025\/12\/Robyn-nieuwjaar.jpeg 1024w, https:\/\/ontroerendgoed.kasteelamerongen.nl\/verhalen\/wp-content\/uploads\/2025\/12\/Robyn-nieuwjaar-300x199.jpeg 300w, https:\/\/ontroerendgoed.kasteelamerongen.nl\/verhalen\/wp-content\/uploads\/2025\/12\/Robyn-nieuwjaar-768x510.jpeg 768w, https:\/\/ontroerendgoed.kasteelamerongen.nl\/verhalen\/wp-content\/uploads\/2025\/12\/Robyn-nieuwjaar-900x598.jpeg 900w\" sizes=\"(max-width: 1024px) 100vw, 1024px\" \/><figcaption class=\"wp-element-caption\">Nieuwjaarsdag, A. Robyn (gravure) en weduwe Cornelis Visser (uitgever), 1715-1813. Fragment van blad met De feestgetyden, die men is gewoon te vieren. <a href=\"https:\/\/id.rijksmuseum.nl\/200101526\" target=\"_blank\" rel=\"noreferrer noopener\">Collectie Rijksmuseum<\/a>.<\/figcaption><\/figure>\n\n\n\n\n\n<figure class=\"wp-block-table is-style-stripes is-style-stripes--2\"><table><thead><tr><th>Archieven<\/th><th><\/th><\/tr><\/thead><tbody><tr><td>HUA 1001.2723 <a href=\"https:\/\/hetutrechtsarchief.nl\/collectie\/609C5B9947B74642E0534701000A17FD\" target=\"_blank\" rel=\"noreferrer noopener\">Brieven gericht aan Godard Adriaan van Reede afkomstig van zijn echtgenote Margareta Turnor, 1673 jan.-sep.<\/a><\/td><td><a href=\"https:\/\/hetutrechtsarchief.nl\/collectie\/609C5BCADAC44642E0534701000A17FD\" target=\"_blank\" rel=\"noreferrer noopener\">Brief van 2 januari 1673<\/a><\/td><\/tr><tr><td>HUA 1001.2725 <a href=\"https:\/\/hetutrechtsarchief.nl\/collectie\/609C5B9947B94642E0534701000A17FD\" target=\"_blank\" rel=\"noreferrer noopener\">Brieven gericht aan Godard Adriaan van Reede afkomstig van zijn echtgenote Margareta Turnor, 1679 nov.-1681 dec<\/a><\/td><td><a href=\"https:\/\/hetutrechtsarchief.nl\/collectie\/609C5BCAF2764642E0534701000A17FD\" target=\"_blank\" rel=\"noreferrer noopener\">Brief van 6 januari 1680<\/a><\/td><\/tr><tr><td>HUA 1001.2727 <a href=\"https:\/\/hetutrechtsarchief.nl\/collectie\/609C5B9947BA4642E0534701000A17FD\" target=\"_blank\" rel=\"noreferrer noopener\">Brieven gericht aan Godard Adriaan van Reede afkomstig van zijn echtgenote Margareta Turnor, 1681-1682<\/a><\/td><td><a href=\"https:\/\/hetutrechtsarchief.nl\/collectie\/609C5BCAF8814642E0534701000A17FD\" target=\"_blank\" rel=\"noreferrer noopener\">Brief van 5 januari 1681 en 26 december 1680<\/a><br><a href=\"https:\/\/hetutrechtsarchief.nl\/collectie\/609C5BCAFE764642E0534701000A17FD\" target=\"_blank\" rel=\"noreferrer noopener\">Brief van 31 december 1681<\/a><\/td><\/tr><tr><td>HUA 1001.2727 <a href=\"https:\/\/hetutrechtsarchief.nl\/collectie\/609C5B9947BB4642E0534701000A17FD\" target=\"_blank\" rel=\"noreferrer noopener\">Brieven gericht aan Godard Adriaan van Reede afkomstig van zijn echtgenote Margareta Turnor, 1684<\/a><\/td><td><a href=\"https:\/\/hetutrechtsarchief.nl\/collectie\/609C5BCAFEC44642E0534701000A17FD\">Brief van 25\/15 december 1683<\/a><\/td><\/tr><\/tbody><\/table><\/figure>\n\n\n\n<p><\/p>\n\n\n\n<p><\/p>\n\n\n\n<p><\/p>\n","protected":false},"author":1,"featured_media":9968,"comment_status":"closed","ping_status":"closed","template":"","format":"standard","meta":{"_acf_changed":false,"advgb_blocks_editor_width":"","advgb_blocks_columns_visual_guide":"","greyd_block_editor_preview":[],"footnotes":""},"categories":[88,62,64,66,1995],"tags":[2514,1939,2515,2516,2517],"series":[],"bewoners-familie":[214],"atlantis":[],"archieven":[],"persoon":[],"bewonersverhaal":[198,210],"plaats":[],"ppma_author":[320],"class_list":["post-9967","bewoners","type-bewoners","status-publish","format-standard","has-post-thumbnail","hentry","category-17de-eeuw","category-kerst","category-moederdag","category-vaderdag","category-valentijnsdag","tag-feestdagen","tag-kerstmis","tag-oud-en-nieuw","tag-pasen","tag-pinksteren","bewoners-familie-margaretha-turnor","bewonersverhaal-anekdote","bewonersverhaal-kinderen"],"pp_statuses_selecting_workflow":false,"pp_workflow_action":"current","pp_status_selection":"publish","pp_force_visibility":null,"pp_subpost_visibility":null,"pp_inherited_force_visibility":null,"pp_inherited_subpost_visibility":null,"acf":[],"yoast_head":"<!-- This site is optimized with the Yoast SEO plugin v27.5 - https:\/\/yoast.com\/product\/yoast-seo-wordpress\/ -->\n<title>Vieren of niet vieren, dat is de vraag - Een huis vol verhalen<\/title>\n<meta name=\"description\" content=\"Feestdagen werden vroeger lang niet zo gevierd als nu. Sterker nog, sommige feestdagen werden helemaal niet gevierd.\" \/>\n<meta name=\"robots\" content=\"index, follow, max-snippet:-1, max-image-preview:large, max-video-preview:-1\" \/>\n<link rel=\"canonical\" href=\"https:\/\/ontroerendgoed.kasteelamerongen.nl\/verhalen\/bewoners\/vieren-of-niet-vieren-dat-is-de-vraag\/\" \/>\n<meta property=\"og:locale\" content=\"nl_NL\" \/>\n<meta property=\"og:type\" content=\"article\" \/>\n<meta property=\"og:title\" content=\"Vieren of niet vieren, dat is de vraag - Een huis vol verhalen\" \/>\n<meta property=\"og:description\" content=\"Feestdagen werden vroeger lang niet zo gevierd als nu. Sterker nog, sommige feestdagen werden helemaal niet gevierd.\" \/>\n<meta property=\"og:url\" content=\"https:\/\/ontroerendgoed.kasteelamerongen.nl\/verhalen\/bewoners\/vieren-of-niet-vieren-dat-is-de-vraag\/\" \/>\n<meta property=\"og:site_name\" content=\"Een huis vol verhalen\" \/>\n<meta property=\"article:publisher\" content=\"https:\/\/www.facebook.com\/kasteelamerongen\" \/>\n<meta property=\"article:modified_time\" content=\"2025-12-27T13:19:27+00:00\" \/>\n<meta property=\"og:image\" content=\"https:\/\/ontroerendgoed.kasteelamerongen.nl\/verhalen\/wp-content\/uploads\/sites\/10\/2025\/12\/kop-vieren-of-niet-vieren.jpg\" \/>\n\t<meta property=\"og:image:width\" content=\"1119\" \/>\n\t<meta property=\"og:image:height\" content=\"350\" \/>\n\t<meta property=\"og:image:type\" content=\"image\/jpeg\" \/>\n<meta name=\"twitter:card\" content=\"summary_large_image\" \/>\n<meta name=\"twitter:label1\" content=\"Geschatte leestijd\" \/>\n\t<meta name=\"twitter:data1\" content=\"5 minuten\" \/>\n<script type=\"application\/ld+json\" class=\"yoast-schema-graph\">{\"@context\":\"https:\\\/\\\/schema.org\",\"@graph\":[{\"@type\":\"WebPage\",\"@id\":\"https:\\\/\\\/ontroerendgoed.kasteelamerongen.nl\\\/verhalen\\\/bewoners\\\/vieren-of-niet-vieren-dat-is-de-vraag\\\/\",\"url\":\"https:\\\/\\\/ontroerendgoed.kasteelamerongen.nl\\\/verhalen\\\/bewoners\\\/vieren-of-niet-vieren-dat-is-de-vraag\\\/\",\"name\":\"Vieren of niet vieren, dat is de vraag - Een huis vol verhalen\",\"isPartOf\":{\"@id\":\"https:\\\/\\\/ontroerendgoed.kasteelamerongen.nl\\\/verhalen\\\/#website\"},\"primaryImageOfPage\":{\"@id\":\"https:\\\/\\\/ontroerendgoed.kasteelamerongen.nl\\\/verhalen\\\/bewoners\\\/vieren-of-niet-vieren-dat-is-de-vraag\\\/#primaryimage\"},\"image\":{\"@id\":\"https:\\\/\\\/ontroerendgoed.kasteelamerongen.nl\\\/verhalen\\\/bewoners\\\/vieren-of-niet-vieren-dat-is-de-vraag\\\/#primaryimage\"},\"thumbnailUrl\":\"https:\\\/\\\/ontroerendgoed.kasteelamerongen.nl\\\/verhalen\\\/wp-content\\\/uploads\\\/sites\\\/10\\\/2025\\\/12\\\/kop-vieren-of-niet-vieren.jpg\",\"datePublished\":\"2022-12-24T14:50:00+00:00\",\"dateModified\":\"2025-12-27T13:19:27+00:00\",\"description\":\"Feestdagen werden vroeger lang niet zo gevierd als nu. Sterker nog, sommige feestdagen werden helemaal niet gevierd.\",\"breadcrumb\":{\"@id\":\"https:\\\/\\\/ontroerendgoed.kasteelamerongen.nl\\\/verhalen\\\/bewoners\\\/vieren-of-niet-vieren-dat-is-de-vraag\\\/#breadcrumb\"},\"inLanguage\":\"nl-NL\",\"potentialAction\":[{\"@type\":\"ReadAction\",\"target\":[\"https:\\\/\\\/ontroerendgoed.kasteelamerongen.nl\\\/verhalen\\\/bewoners\\\/vieren-of-niet-vieren-dat-is-de-vraag\\\/\"]}]},{\"@type\":\"ImageObject\",\"inLanguage\":\"nl-NL\",\"@id\":\"https:\\\/\\\/ontroerendgoed.kasteelamerongen.nl\\\/verhalen\\\/bewoners\\\/vieren-of-niet-vieren-dat-is-de-vraag\\\/#primaryimage\",\"url\":\"https:\\\/\\\/ontroerendgoed.kasteelamerongen.nl\\\/verhalen\\\/wp-content\\\/uploads\\\/sites\\\/10\\\/2025\\\/12\\\/kop-vieren-of-niet-vieren.jpg\",\"contentUrl\":\"https:\\\/\\\/ontroerendgoed.kasteelamerongen.nl\\\/verhalen\\\/wp-content\\\/uploads\\\/sites\\\/10\\\/2025\\\/12\\\/kop-vieren-of-niet-vieren.jpg\",\"width\":1119,\"height\":350,\"caption\":\"Kerststal met links een os, dan Maria in een blauwe jurk geknield bij een mandje met baby, naast haar Jozef in het zwart, dan twee herders, \u00e9\u00e9n met een staf, de ander met een schaap op zijn nek en \u00e9\u00e9n lopend naast hem. Op de achtergrond komen de drie wijzen.\"},{\"@type\":\"BreadcrumbList\",\"@id\":\"https:\\\/\\\/ontroerendgoed.kasteelamerongen.nl\\\/verhalen\\\/bewoners\\\/vieren-of-niet-vieren-dat-is-de-vraag\\\/#breadcrumb\",\"itemListElement\":[{\"@type\":\"ListItem\",\"position\":1,\"name\":\"Home\",\"item\":\"https:\\\/\\\/ontroerendgoed.kasteelamerongen.nl\\\/verhalen\\\/\"},{\"@type\":\"ListItem\",\"position\":2,\"name\":\"Bewoners\",\"item\":\"https:\\\/\\\/ontroerendgoed.kasteelamerongen.nl\\\/verhalen\\\/bewoners\\\/\"},{\"@type\":\"ListItem\",\"position\":3,\"name\":\"Vieren of niet vieren, dat is de vraag\"}]},{\"@type\":\"WebSite\",\"@id\":\"https:\\\/\\\/ontroerendgoed.kasteelamerongen.nl\\\/verhalen\\\/#website\",\"url\":\"https:\\\/\\\/ontroerendgoed.kasteelamerongen.nl\\\/verhalen\\\/\",\"name\":\"Een huis vol verhalen\",\"description\":\"\",\"potentialAction\":[{\"@type\":\"SearchAction\",\"target\":{\"@type\":\"EntryPoint\",\"urlTemplate\":\"https:\\\/\\\/ontroerendgoed.kasteelamerongen.nl\\\/verhalen\\\/?s={search_term_string}\"},\"query-input\":{\"@type\":\"PropertyValueSpecification\",\"valueRequired\":true,\"valueName\":\"search_term_string\"}}],\"inLanguage\":\"nl-NL\"}]}<\/script>\n<!-- \/ Yoast SEO plugin. -->","yoast_head_json":{"title":"Vieren of niet vieren, dat is de vraag - Een huis vol verhalen","description":"Feestdagen werden vroeger lang niet zo gevierd als nu. Sterker nog, sommige feestdagen werden helemaal niet gevierd.","robots":{"index":"index","follow":"follow","max-snippet":"max-snippet:-1","max-image-preview":"max-image-preview:large","max-video-preview":"max-video-preview:-1"},"canonical":"https:\/\/ontroerendgoed.kasteelamerongen.nl\/verhalen\/bewoners\/vieren-of-niet-vieren-dat-is-de-vraag\/","og_locale":"nl_NL","og_type":"article","og_title":"Vieren of niet vieren, dat is de vraag - Een huis vol verhalen","og_description":"Feestdagen werden vroeger lang niet zo gevierd als nu. Sterker nog, sommige feestdagen werden helemaal niet gevierd.","og_url":"https:\/\/ontroerendgoed.kasteelamerongen.nl\/verhalen\/bewoners\/vieren-of-niet-vieren-dat-is-de-vraag\/","og_site_name":"Een huis vol verhalen","article_publisher":"https:\/\/www.facebook.com\/kasteelamerongen","article_modified_time":"2025-12-27T13:19:27+00:00","og_image":[{"width":1119,"height":350,"url":"https:\/\/ontroerendgoed.kasteelamerongen.nl\/verhalen\/wp-content\/uploads\/sites\/10\/2025\/12\/kop-vieren-of-niet-vieren.jpg","type":"image\/jpeg"}],"twitter_card":"summary_large_image","twitter_misc":{"Geschatte leestijd":"5 minuten"},"schema":{"@context":"https:\/\/schema.org","@graph":[{"@type":"WebPage","@id":"https:\/\/ontroerendgoed.kasteelamerongen.nl\/verhalen\/bewoners\/vieren-of-niet-vieren-dat-is-de-vraag\/","url":"https:\/\/ontroerendgoed.kasteelamerongen.nl\/verhalen\/bewoners\/vieren-of-niet-vieren-dat-is-de-vraag\/","name":"Vieren of niet vieren, dat is de vraag - Een huis vol verhalen","isPartOf":{"@id":"https:\/\/ontroerendgoed.kasteelamerongen.nl\/verhalen\/#website"},"primaryImageOfPage":{"@id":"https:\/\/ontroerendgoed.kasteelamerongen.nl\/verhalen\/bewoners\/vieren-of-niet-vieren-dat-is-de-vraag\/#primaryimage"},"image":{"@id":"https:\/\/ontroerendgoed.kasteelamerongen.nl\/verhalen\/bewoners\/vieren-of-niet-vieren-dat-is-de-vraag\/#primaryimage"},"thumbnailUrl":"https:\/\/ontroerendgoed.kasteelamerongen.nl\/verhalen\/wp-content\/uploads\/sites\/10\/2025\/12\/kop-vieren-of-niet-vieren.jpg","datePublished":"2022-12-24T14:50:00+00:00","dateModified":"2025-12-27T13:19:27+00:00","description":"Feestdagen werden vroeger lang niet zo gevierd als nu. Sterker nog, sommige feestdagen werden helemaal niet gevierd.","breadcrumb":{"@id":"https:\/\/ontroerendgoed.kasteelamerongen.nl\/verhalen\/bewoners\/vieren-of-niet-vieren-dat-is-de-vraag\/#breadcrumb"},"inLanguage":"nl-NL","potentialAction":[{"@type":"ReadAction","target":["https:\/\/ontroerendgoed.kasteelamerongen.nl\/verhalen\/bewoners\/vieren-of-niet-vieren-dat-is-de-vraag\/"]}]},{"@type":"ImageObject","inLanguage":"nl-NL","@id":"https:\/\/ontroerendgoed.kasteelamerongen.nl\/verhalen\/bewoners\/vieren-of-niet-vieren-dat-is-de-vraag\/#primaryimage","url":"https:\/\/ontroerendgoed.kasteelamerongen.nl\/verhalen\/wp-content\/uploads\/sites\/10\/2025\/12\/kop-vieren-of-niet-vieren.jpg","contentUrl":"https:\/\/ontroerendgoed.kasteelamerongen.nl\/verhalen\/wp-content\/uploads\/sites\/10\/2025\/12\/kop-vieren-of-niet-vieren.jpg","width":1119,"height":350,"caption":"Kerststal met links een os, dan Maria in een blauwe jurk geknield bij een mandje met baby, naast haar Jozef in het zwart, dan twee herders, \u00e9\u00e9n met een staf, de ander met een schaap op zijn nek en \u00e9\u00e9n lopend naast hem. Op de achtergrond komen de drie wijzen."},{"@type":"BreadcrumbList","@id":"https:\/\/ontroerendgoed.kasteelamerongen.nl\/verhalen\/bewoners\/vieren-of-niet-vieren-dat-is-de-vraag\/#breadcrumb","itemListElement":[{"@type":"ListItem","position":1,"name":"Home","item":"https:\/\/ontroerendgoed.kasteelamerongen.nl\/verhalen\/"},{"@type":"ListItem","position":2,"name":"Bewoners","item":"https:\/\/ontroerendgoed.kasteelamerongen.nl\/verhalen\/bewoners\/"},{"@type":"ListItem","position":3,"name":"Vieren of niet vieren, dat is de vraag"}]},{"@type":"WebSite","@id":"https:\/\/ontroerendgoed.kasteelamerongen.nl\/verhalen\/#website","url":"https:\/\/ontroerendgoed.kasteelamerongen.nl\/verhalen\/","name":"Een huis vol verhalen","description":"","potentialAction":[{"@type":"SearchAction","target":{"@type":"EntryPoint","urlTemplate":"https:\/\/ontroerendgoed.kasteelamerongen.nl\/verhalen\/?s={search_term_string}"},"query-input":{"@type":"PropertyValueSpecification","valueRequired":true,"valueName":"search_term_string"}}],"inLanguage":"nl-NL"}]}},"featured_img":"https:\/\/ontroerendgoed.kasteelamerongen.nl\/verhalen\/wp-content\/uploads\/sites\/10\/2025\/12\/kop-vieren-of-niet-vieren.jpg","coauthors":[{"link":"https:\/\/ontroerendgoed.kasteelamerongen.nl\/verhalen\/author\/admin\/","display_name":"Annemiek Barnouw"}],"author_meta":{"author_link":"https:\/\/ontroerendgoed.kasteelamerongen.nl\/verhalen\/author\/admin\/","display_name":"Annemiek Barnouw"},"relative_dates":{"created":"Geplaatst 3 jaar geleden","modified":"Bijgewerkt 4 maanden geleden"},"absolute_dates":{"created":"Geplaatst op 24 december 2022","modified":"Bijgewerkt op 27 december 2025"},"absolute_dates_time":{"created":"Geplaatst op 24 december 2022 16:50","modified":"Bijgewerkt op 27 december 2025 15:19"},"featured_img_caption":"","tax_additional":{"category":{"linked":["<a href=\"https:\/\/ontroerendgoed.kasteelamerongen.nl\/verhalen\/category\/tijdsperiode\/17de-eeuw\/\" class=\"advgb-post-tax-term\">17de eeuw<\/a>","<a href=\"https:\/\/ontroerendgoed.kasteelamerongen.nl\/verhalen\/category\/specials\/kerst\/\" class=\"advgb-post-tax-term\">Kerst<\/a>","<a href=\"https:\/\/ontroerendgoed.kasteelamerongen.nl\/verhalen\/category\/specials\/moederdag\/\" class=\"advgb-post-tax-term\">Moederdag<\/a>","<a href=\"https:\/\/ontroerendgoed.kasteelamerongen.nl\/verhalen\/category\/specials\/vaderdag\/\" class=\"advgb-post-tax-term\">Vaderdag<\/a>","<a href=\"https:\/\/ontroerendgoed.kasteelamerongen.nl\/verhalen\/category\/specials\/valentijnsdag\/\" class=\"advgb-post-tax-term\">Valentijnsdag<\/a>"],"unlinked":["<span class=\"advgb-post-tax-term\">17de eeuw<\/span>","<span class=\"advgb-post-tax-term\">Kerst<\/span>","<span class=\"advgb-post-tax-term\">Moederdag<\/span>","<span class=\"advgb-post-tax-term\">Vaderdag<\/span>","<span class=\"advgb-post-tax-term\">Valentijnsdag<\/span>"],"slug":"category","name":"Categorie\u00ebn"},"post_tag":{"linked":["<a href=\"https:\/\/ontroerendgoed.kasteelamerongen.nl\/verhalen\/tag\/feestdagen\/\" class=\"advgb-post-tax-term\">Feestdagen<\/a>","<a href=\"https:\/\/ontroerendgoed.kasteelamerongen.nl\/verhalen\/tag\/kerstmis\/\" class=\"advgb-post-tax-term\">Kerstmis<\/a>","<a href=\"https:\/\/ontroerendgoed.kasteelamerongen.nl\/verhalen\/tag\/oud-en-nieuw\/\" class=\"advgb-post-tax-term\">Oud en nieuw<\/a>","<a href=\"https:\/\/ontroerendgoed.kasteelamerongen.nl\/verhalen\/tag\/pasen\/\" class=\"advgb-post-tax-term\">Pasen<\/a>","<a href=\"https:\/\/ontroerendgoed.kasteelamerongen.nl\/verhalen\/tag\/pinksteren\/\" class=\"advgb-post-tax-term\">Pinksteren<\/a>"],"unlinked":["<span class=\"advgb-post-tax-term\">Feestdagen<\/span>","<span class=\"advgb-post-tax-term\">Kerstmis<\/span>","<span class=\"advgb-post-tax-term\">Oud en nieuw<\/span>","<span class=\"advgb-post-tax-term\">Pasen<\/span>","<span class=\"advgb-post-tax-term\">Pinksteren<\/span>"],"slug":"post_tag","name":"Tags"},"post_format":{"linked":[],"unlinked":[],"slug":"post_format","name":"Formats"},"series":{"linked":[],"unlinked":[],"slug":"series","name":"Serie"},"bewoners-familie":{"linked":["<a href=\"https:\/\/ontroerendgoed.kasteelamerongen.nl\/verhalen\/bewoners-familie\/margaretha-turnor\/\" class=\"advgb-post-tax-term\">Turnor (Margaretha)<\/a>"],"unlinked":["<span class=\"advgb-post-tax-term\">Turnor (Margaretha)<\/span>"],"slug":"bewoners-familie","name":"Bewoners en familieleden"},"atlantis":{"linked":[],"unlinked":[],"slug":"atlantis","name":"Atlantis"},"archieven":{"linked":[],"unlinked":[],"slug":"archieven","name":"Archieven"},"persoon":{"linked":[],"unlinked":[],"slug":"persoon","name":"Personen"},"bewonersverhaal":{"linked":["<a href=\"https:\/\/ontroerendgoed.kasteelamerongen.nl\/verhalen\/bewonersverhaal\/anekdote\/\" class=\"advgb-post-tax-term\">Anekdote<\/a>","<a href=\"https:\/\/ontroerendgoed.kasteelamerongen.nl\/verhalen\/bewonersverhaal\/kinderen\/\" class=\"advgb-post-tax-term\">Kinderen<\/a>"],"unlinked":["<span class=\"advgb-post-tax-term\">Anekdote<\/span>","<span class=\"advgb-post-tax-term\">Kinderen<\/span>"],"slug":"bewonersverhaal","name":"Bewonerscategorie\u00ebn"},"plaats":{"linked":[],"unlinked":[],"slug":"plaats","name":"Plaatsen"},"pp_notify_user":{"linked":[],"unlinked":[],"slug":"pp_notify_user","name":"Waarschuw gebruikers"},"pp_notify_role":{"linked":[],"unlinked":[],"slug":"pp_notify_role","name":"Waarschuw rollen"},"pp_notify_email":{"linked":[],"unlinked":[],"slug":"pp_notify_email","name":"Waarschuw e-mails"},"pp_editorial_meta":{"linked":[],"unlinked":[],"slug":"pp_editorial_meta","name":"Redactioneel Veld"},"author":{"linked":["<a href=\"https:\/\/ontroerendgoed.kasteelamerongen.nl\/verhalen\/author\/admin\/\" class=\"advgb-post-tax-term\">Annemiek Barnouw<\/a>"],"unlinked":["<span class=\"advgb-post-tax-term\">Annemiek Barnouw<\/span>"],"slug":"author","name":"Auteurs"}},"series_order":null,"publishpress_future_action":{"enabled":false,"date":"2026-05-07 10:37:19","action":"change-status","newStatus":"draft","terms":[],"taxonomy":"category","extraData":[]},"publishpress_future_workflow_manual_trigger":{"enabledWorkflows":[]},"_links":{"self":[{"href":"https:\/\/ontroerendgoed.kasteelamerongen.nl\/verhalen\/wp-json\/wp\/v2\/bewoners\/9967","targetHints":{"allow":["GET"]}}],"collection":[{"href":"https:\/\/ontroerendgoed.kasteelamerongen.nl\/verhalen\/wp-json\/wp\/v2\/bewoners"}],"about":[{"href":"https:\/\/ontroerendgoed.kasteelamerongen.nl\/verhalen\/wp-json\/wp\/v2\/types\/bewoners"}],"author":[{"embeddable":true,"href":"https:\/\/ontroerendgoed.kasteelamerongen.nl\/verhalen\/wp-json\/wp\/v2\/users\/1"}],"replies":[{"embeddable":true,"href":"https:\/\/ontroerendgoed.kasteelamerongen.nl\/verhalen\/wp-json\/wp\/v2\/comments?post=9967"}],"version-history":[{"count":1,"href":"https:\/\/ontroerendgoed.kasteelamerongen.nl\/verhalen\/wp-json\/wp\/v2\/bewoners\/9967\/revisions"}],"predecessor-version":[{"id":9969,"href":"https:\/\/ontroerendgoed.kasteelamerongen.nl\/verhalen\/wp-json\/wp\/v2\/bewoners\/9967\/revisions\/9969"}],"wp:featuredmedia":[{"embeddable":true,"href":"https:\/\/ontroerendgoed.kasteelamerongen.nl\/verhalen\/wp-json\/wp\/v2\/media\/9968"}],"wp:attachment":[{"href":"https:\/\/ontroerendgoed.kasteelamerongen.nl\/verhalen\/wp-json\/wp\/v2\/media?parent=9967"}],"wp:term":[{"taxonomy":"category","embeddable":true,"href":"https:\/\/ontroerendgoed.kasteelamerongen.nl\/verhalen\/wp-json\/wp\/v2\/categories?post=9967"},{"taxonomy":"post_tag","embeddable":true,"href":"https:\/\/ontroerendgoed.kasteelamerongen.nl\/verhalen\/wp-json\/wp\/v2\/tags?post=9967"},{"taxonomy":"series","embeddable":true,"href":"https:\/\/ontroerendgoed.kasteelamerongen.nl\/verhalen\/wp-json\/wp\/v2\/series?post=9967"},{"taxonomy":"bewoners-familie","embeddable":true,"href":"https:\/\/ontroerendgoed.kasteelamerongen.nl\/verhalen\/wp-json\/wp\/v2\/bewoners-familie?post=9967"},{"taxonomy":"atlantis","embeddable":true,"href":"https:\/\/ontroerendgoed.kasteelamerongen.nl\/verhalen\/wp-json\/wp\/v2\/atlantis?post=9967"},{"taxonomy":"archieven","embeddable":true,"href":"https:\/\/ontroerendgoed.kasteelamerongen.nl\/verhalen\/wp-json\/wp\/v2\/archieven?post=9967"},{"taxonomy":"persoon","embeddable":true,"href":"https:\/\/ontroerendgoed.kasteelamerongen.nl\/verhalen\/wp-json\/wp\/v2\/persoon?post=9967"},{"taxonomy":"bewonersverhaal","embeddable":true,"href":"https:\/\/ontroerendgoed.kasteelamerongen.nl\/verhalen\/wp-json\/wp\/v2\/bewonersverhaal?post=9967"},{"taxonomy":"plaats","embeddable":true,"href":"https:\/\/ontroerendgoed.kasteelamerongen.nl\/verhalen\/wp-json\/wp\/v2\/plaats?post=9967"},{"taxonomy":"author","embeddable":true,"href":"https:\/\/ontroerendgoed.kasteelamerongen.nl\/verhalen\/wp-json\/wp\/v2\/ppma_author?post=9967"}],"curies":[{"name":"wp","href":"https:\/\/api.w.org\/{rel}","templated":true}]}}